{"id":11206,"date":"2026-04-24T16:56:54","date_gmt":"2026-04-24T14:56:54","guid":{"rendered":"https:\/\/damianomeble.pl\/?page_id=11206"},"modified":"2026-04-24T21:00:19","modified_gmt":"2026-04-24T19:00:19","slug":"obrazy","status":"publish","type":"page","link":"https:\/\/damianomeble.pl\/index.php\/obrazy\/","title":{"rendered":"Obrazy"},"content":{"rendered":"<h4>Obraz akrylowy &#8222;S\u0142oneczna Struktura&#8221; 50 x 40 cm<\/h4>\n<blockquote><p>Gotowy do zawieszenia: Oprawiony w klasyczn\u0105, minimalistyczn\u0105 czarn\u0105 ram\u0119, kt\u00f3ra idealnie kontrastuje ze z\u0142otem i be\u017cem. Obraz mo\u017cna powiesi\u0107 bez ramy, boki malowane pod kolor.<\/p><\/blockquote>\n<blockquote><p>Obraz zabezpieczony werniksem, na odwrocie tytu\u0142u obrazu i podpis autora.Cena 350 z\u0142<\/p><\/blockquote>\n<blockquote>\n<p dir=\"ltr\"><a href=\"https:\/\/damianomeble.pl\/wp-content\/uploads\/2026\/04\/IMG_20260116_14391611_copy_497x497.png\"><img loading=\"lazy\" decoding=\"async\" class=\"alignnone size-medium wp-image-11237\" src=\"https:\/\/damianomeble.pl\/wp-content\/uploads\/2026\/04\/IMG_20260116_14391611_copy_497x497-300x300.png\" alt=\"\" width=\"300\" height=\"300\" srcset=\"https:\/\/damianomeble.pl\/wp-content\/uploads\/2026\/04\/IMG_20260116_14391611_copy_497x497-300x300.png 300w, https:\/\/damianomeble.pl\/wp-content\/uploads\/2026\/04\/IMG_20260116_14391611_copy_497x497-150x150.png 150w, https:\/\/damianomeble.pl\/wp-content\/uploads\/2026\/04\/IMG_20260116_14391611_copy_497x497.png 497w\" sizes=\"auto, (max-width: 300px) 100vw, 300px\" \/><\/a> <a href=\"https:\/\/damianomeble.pl\/wp-content\/uploads\/2026\/04\/IMG_20260116_1446132_copy_494x494.png\"><img loading=\"lazy\" decoding=\"async\" class=\"alignnone size-medium wp-image-11238\" src=\"https:\/\/damianomeble.pl\/wp-content\/uploads\/2026\/04\/IMG_20260116_1446132_copy_494x494-300x300.png\" alt=\"\" width=\"300\" height=\"300\" srcset=\"https:\/\/damianomeble.pl\/wp-content\/uploads\/2026\/04\/IMG_20260116_1446132_copy_494x494-300x300.png 300w, https:\/\/damianomeble.pl\/wp-content\/uploads\/2026\/04\/IMG_20260116_1446132_copy_494x494-150x150.png 150w, https:\/\/damianomeble.pl\/wp-content\/uploads\/2026\/04\/IMG_20260116_1446132_copy_494x494.png 494w\" sizes=\"auto, (max-width: 300px) 100vw, 300px\" \/><\/a> <a href=\"https:\/\/damianomeble.pl\/wp-content\/uploads\/2026\/04\/IMG_20260116_141722_copy_1632x1229.jpg\"><img loading=\"lazy\" decoding=\"async\" class=\"alignnone size-medium wp-image-11239\" src=\"https:\/\/damianomeble.pl\/wp-content\/uploads\/2026\/04\/IMG_20260116_141722_copy_1632x1229-300x226.jpg\" alt=\"\" width=\"300\" height=\"226\" srcset=\"https:\/\/damianomeble.pl\/wp-content\/uploads\/2026\/04\/IMG_20260116_141722_copy_1632x1229-300x226.jpg 300w, https:\/\/damianomeble.pl\/wp-content\/uploads\/2026\/04\/IMG_20260116_141722_copy_1632x1229-1024x771.jpg 1024w, https:\/\/damianomeble.pl\/wp-content\/uploads\/2026\/04\/IMG_20260116_141722_copy_1632x1229-150x113.jpg 150w, https:\/\/damianomeble.pl\/wp-content\/uploads\/2026\/04\/IMG_20260116_141722_copy_1632x1229-768x578.jpg 768w, https:\/\/damianomeble.pl\/wp-content\/uploads\/2026\/04\/IMG_20260116_141722_copy_1632x1229-1536x1157.jpg 1536w, https:\/\/damianomeble.pl\/wp-content\/uploads\/2026\/04\/IMG_20260116_141722_copy_1632x1229-1030x776.jpg 1030w, https:\/\/damianomeble.pl\/wp-content\/uploads\/2026\/04\/IMG_20260116_141722_copy_1632x1229.jpg 1632w\" sizes=\"auto, (max-width: 300px) 100vw, 300px\" \/><\/a> <a href=\"https:\/\/damianomeble.pl\/wp-content\/uploads\/2026\/04\/IMG_20260116_141713_copy_505x505.png\"><img loading=\"lazy\" decoding=\"async\" class=\"alignnone size-medium wp-image-11240\" src=\"https:\/\/damianomeble.pl\/wp-content\/uploads\/2026\/04\/IMG_20260116_141713_copy_505x505-300x300.png\" alt=\"\" width=\"300\" height=\"300\" srcset=\"https:\/\/damianomeble.pl\/wp-content\/uploads\/2026\/04\/IMG_20260116_141713_copy_505x505-300x300.png 300w, https:\/\/damianomeble.pl\/wp-content\/uploads\/2026\/04\/IMG_20260116_141713_copy_505x505-150x150.png 150w, https:\/\/damianomeble.pl\/wp-content\/uploads\/2026\/04\/IMG_20260116_141713_copy_505x505.png 505w\" sizes=\"auto, (max-width: 300px) 100vw, 300px\" \/><\/a><\/p>\n<p dir=\"ltr\">&#8212;&#8212;&#8212;&#8212;&#8212;<\/p>\n<p dir=\"ltr\">&#8222;<strong>Ogie\u0144 Piekielny&#8221; akryl na p\u0142\u00f3tnie 50&#215;40 cm.<\/strong><\/p>\n<p>Oryginalny obraz malowany farbami akrylowymi na p\u0142\u00f3tnie. Dzie\u0142o charakteryzuje si\u0119 bogat\u0105 tekstur\u0105 i pionow\u0105 kompozycj\u0105, kt\u00f3ra optycznie podwy\u017csza pomieszczenie. Technika: Akryl na p\u0142\u00f3tnie.<\/p><\/blockquote>\n<blockquote><p>Oprawa: Obraz oprawiony w eleganck\u0105, minimalistyczn\u0105 czarn\u0105 ram\u0119, kt\u00f3ra podkre\u015bla g\u0142\u0119bi\u0119 kolor\u00f3w. Gotowy do zawieszenia. Obraz doskonale odnajdzie si\u0119 w surowych, loftowych wn\u0119trzach, jak i nowoczesnych salonach wymagaj\u0105cych mocnego akcentu kolorystycznego.<br \/>\nCena 350 z\u0142<\/p><\/blockquote>\n<blockquote>\n<p dir=\"ltr\"><a href=\"https:\/\/damianomeble.pl\/wp-content\/uploads\/2026\/04\/IMG_20260116_12041111_copy_550x550.png\"><img loading=\"lazy\" decoding=\"async\" class=\"alignnone size-medium wp-image-11230\" src=\"https:\/\/damianomeble.pl\/wp-content\/uploads\/2026\/04\/IMG_20260116_12041111_copy_550x550-300x300.png\" alt=\"\" width=\"300\" height=\"300\" srcset=\"https:\/\/damianomeble.pl\/wp-content\/uploads\/2026\/04\/IMG_20260116_12041111_copy_550x550-300x300.png 300w, https:\/\/damianomeble.pl\/wp-content\/uploads\/2026\/04\/IMG_20260116_12041111_copy_550x550-150x150.png 150w, https:\/\/damianomeble.pl\/wp-content\/uploads\/2026\/04\/IMG_20260116_12041111_copy_550x550.png 550w\" sizes=\"auto, (max-width: 300px) 100vw, 300px\" \/><\/a> <a href=\"https:\/\/damianomeble.pl\/wp-content\/uploads\/2026\/04\/IMG_20260116_12041121_copy_526x526.png\"><img loading=\"lazy\" decoding=\"async\" class=\"alignnone size-medium wp-image-11231\" src=\"https:\/\/damianomeble.pl\/wp-content\/uploads\/2026\/04\/IMG_20260116_12041121_copy_526x526-300x300.png\" alt=\"\" width=\"300\" height=\"300\" srcset=\"https:\/\/damianomeble.pl\/wp-content\/uploads\/2026\/04\/IMG_20260116_12041121_copy_526x526-300x300.png 300w, https:\/\/damianomeble.pl\/wp-content\/uploads\/2026\/04\/IMG_20260116_12041121_copy_526x526-150x150.png 150w, https:\/\/damianomeble.pl\/wp-content\/uploads\/2026\/04\/IMG_20260116_12041121_copy_526x526.png 526w\" sizes=\"auto, (max-width: 300px) 100vw, 300px\" \/><\/a> <a href=\"https:\/\/damianomeble.pl\/wp-content\/uploads\/2026\/04\/IMG_20260116_12041141_copy_538x538.png\"><img loading=\"lazy\" decoding=\"async\" class=\"alignnone size-medium wp-image-11232\" src=\"https:\/\/damianomeble.pl\/wp-content\/uploads\/2026\/04\/IMG_20260116_12041141_copy_538x538-300x300.png\" alt=\"\" width=\"300\" height=\"300\" srcset=\"https:\/\/damianomeble.pl\/wp-content\/uploads\/2026\/04\/IMG_20260116_12041141_copy_538x538-300x300.png 300w, https:\/\/damianomeble.pl\/wp-content\/uploads\/2026\/04\/IMG_20260116_12041141_copy_538x538-150x150.png 150w, https:\/\/damianomeble.pl\/wp-content\/uploads\/2026\/04\/IMG_20260116_12041141_copy_538x538.png 538w\" sizes=\"auto, (max-width: 300px) 100vw, 300px\" \/><\/a> <a href=\"https:\/\/damianomeble.pl\/wp-content\/uploads\/2026\/04\/IMG_20260116_1204115_copy_550x550.png\"><img loading=\"lazy\" decoding=\"async\" class=\"alignnone size-medium wp-image-11233\" src=\"https:\/\/damianomeble.pl\/wp-content\/uploads\/2026\/04\/IMG_20260116_1204115_copy_550x550-300x300.png\" alt=\"\" width=\"300\" height=\"300\" srcset=\"https:\/\/damianomeble.pl\/wp-content\/uploads\/2026\/04\/IMG_20260116_1204115_copy_550x550-300x300.png 300w, https:\/\/damianomeble.pl\/wp-content\/uploads\/2026\/04\/IMG_20260116_1204115_copy_550x550-150x150.png 150w, https:\/\/damianomeble.pl\/wp-content\/uploads\/2026\/04\/IMG_20260116_1204115_copy_550x550.png 550w\" sizes=\"auto, (max-width: 300px) 100vw, 300px\" \/><\/a> <a href=\"https:\/\/damianomeble.pl\/wp-content\/uploads\/2026\/04\/IMG_20260118_181657_copy_756x728.png\"><img loading=\"lazy\" decoding=\"async\" class=\"alignnone size-medium wp-image-11234\" src=\"https:\/\/damianomeble.pl\/wp-content\/uploads\/2026\/04\/IMG_20260118_181657_copy_756x728-300x289.png\" alt=\"\" width=\"300\" height=\"289\" srcset=\"https:\/\/damianomeble.pl\/wp-content\/uploads\/2026\/04\/IMG_20260118_181657_copy_756x728-300x289.png 300w, https:\/\/damianomeble.pl\/wp-content\/uploads\/2026\/04\/IMG_20260118_181657_copy_756x728-150x144.png 150w, https:\/\/damianomeble.pl\/wp-content\/uploads\/2026\/04\/IMG_20260118_181657_copy_756x728.png 756w\" sizes=\"auto, (max-width: 300px) 100vw, 300px\" \/><\/a><\/p>\n<p dir=\"ltr\">&#8212;&#8212;&#8212;&#8212;&#8211;<\/p>\n<p dir=\"ltr\"><b>Obraz &#8222;Pan Kot&#8221; \u2013 Akryl na p\u0142\u00f3tnie (75 x 55 cm)<\/b><\/p>\n<\/blockquote>\n<p dir=\"ltr\">\u200bSprzedam oryginalny, r\u0119cznie malowany obraz przedstawiaj\u0105cy kota w nowoczesnej, geometrycznej interpretacji.<\/p>\n<ul>\n<li dir=\"ltr\">\u200b<b>Technika:<\/b> Akryl na p\u0142\u00f3tnie.<\/li>\n<li dir=\"ltr\">\u200b<b>Kolorystyka:<\/b> Odcienie niebieskiego, turkus, biel i miedziane akcenty.<\/li>\n<li dir=\"ltr\">\u200b<b>Styl:<\/b> Modernizm \/ Kubizm. Obraz gotowy do powieszenia, o\u017cywi ka\u017cde nowoczesne wn\u0119trze. Obraz sprzedaje bez ramy. Mo\u017cliwo\u015b\u0107 zam\u00f3wienia takiej lub podobnej ramy.<\/li>\n<li dir=\"ltr\">Cena 450 z\u0142<\/li>\n<\/ul>\n<h4><a href=\"https:\/\/damianomeble.pl\/wp-content\/uploads\/2026\/04\/IMG_20260303_2106132_copy_571x571.png\"><img loading=\"lazy\" decoding=\"async\" class=\"alignnone size-medium wp-image-11224\" src=\"https:\/\/damianomeble.pl\/wp-content\/uploads\/2026\/04\/IMG_20260303_2106132_copy_571x571-300x300.png\" alt=\"\" width=\"300\" height=\"300\" srcset=\"https:\/\/damianomeble.pl\/wp-content\/uploads\/2026\/04\/IMG_20260303_2106132_copy_571x571-300x300.png 300w, https:\/\/damianomeble.pl\/wp-content\/uploads\/2026\/04\/IMG_20260303_2106132_copy_571x571-150x150.png 150w, https:\/\/damianomeble.pl\/wp-content\/uploads\/2026\/04\/IMG_20260303_2106132_copy_571x571.png 571w\" sizes=\"auto, (max-width: 300px) 100vw, 300px\" \/><\/a> <a href=\"https:\/\/damianomeble.pl\/wp-content\/uploads\/2026\/04\/IMG_20260303_21061311_copy_800x800.png\"><img loading=\"lazy\" decoding=\"async\" class=\"alignnone size-medium wp-image-11225\" src=\"https:\/\/damianomeble.pl\/wp-content\/uploads\/2026\/04\/IMG_20260303_21061311_copy_800x800-300x300.png\" alt=\"\" width=\"300\" height=\"300\" srcset=\"https:\/\/damianomeble.pl\/wp-content\/uploads\/2026\/04\/IMG_20260303_21061311_copy_800x800-300x300.png 300w, https:\/\/damianomeble.pl\/wp-content\/uploads\/2026\/04\/IMG_20260303_21061311_copy_800x800-150x150.png 150w, https:\/\/damianomeble.pl\/wp-content\/uploads\/2026\/04\/IMG_20260303_21061311_copy_800x800-768x768.png 768w, https:\/\/damianomeble.pl\/wp-content\/uploads\/2026\/04\/IMG_20260303_21061311_copy_800x800.png 800w\" sizes=\"auto, (max-width: 300px) 100vw, 300px\" \/><\/a> <a href=\"https:\/\/damianomeble.pl\/wp-content\/uploads\/2026\/04\/IMG_20260304_095341_copy_728x728.png\"><img loading=\"lazy\" decoding=\"async\" class=\"alignnone size-medium wp-image-11226\" src=\"https:\/\/damianomeble.pl\/wp-content\/uploads\/2026\/04\/IMG_20260304_095341_copy_728x728-300x300.png\" alt=\"\" width=\"300\" height=\"300\" srcset=\"https:\/\/damianomeble.pl\/wp-content\/uploads\/2026\/04\/IMG_20260304_095341_copy_728x728-300x300.png 300w, https:\/\/damianomeble.pl\/wp-content\/uploads\/2026\/04\/IMG_20260304_095341_copy_728x728-150x150.png 150w, https:\/\/damianomeble.pl\/wp-content\/uploads\/2026\/04\/IMG_20260304_095341_copy_728x728.png 728w\" sizes=\"auto, (max-width: 300px) 100vw, 300px\" \/><\/a> <a href=\"https:\/\/damianomeble.pl\/wp-content\/uploads\/2026\/04\/IMG_20260303_2109161_copy_800x800.png\"><img loading=\"lazy\" decoding=\"async\" class=\"alignnone size-medium wp-image-11227\" src=\"https:\/\/damianomeble.pl\/wp-content\/uploads\/2026\/04\/IMG_20260303_2109161_copy_800x800-300x300.png\" alt=\"\" width=\"300\" height=\"300\" srcset=\"https:\/\/damianomeble.pl\/wp-content\/uploads\/2026\/04\/IMG_20260303_2109161_copy_800x800-300x300.png 300w, https:\/\/damianomeble.pl\/wp-content\/uploads\/2026\/04\/IMG_20260303_2109161_copy_800x800-150x150.png 150w, https:\/\/damianomeble.pl\/wp-content\/uploads\/2026\/04\/IMG_20260303_2109161_copy_800x800-768x768.png 768w, https:\/\/damianomeble.pl\/wp-content\/uploads\/2026\/04\/IMG_20260303_2109161_copy_800x800.png 800w\" sizes=\"auto, (max-width: 300px) 100vw, 300px\" \/><\/a> <a href=\"https:\/\/damianomeble.pl\/wp-content\/uploads\/2026\/04\/IMG_20260303_2106135_copy_600x600.png\"><img loading=\"lazy\" decoding=\"async\" class=\"alignnone size-medium wp-image-11228\" src=\"https:\/\/damianomeble.pl\/wp-content\/uploads\/2026\/04\/IMG_20260303_2106135_copy_600x600-300x300.png\" alt=\"\" width=\"300\" height=\"300\" srcset=\"https:\/\/damianomeble.pl\/wp-content\/uploads\/2026\/04\/IMG_20260303_2106135_copy_600x600-300x300.png 300w, https:\/\/damianomeble.pl\/wp-content\/uploads\/2026\/04\/IMG_20260303_2106135_copy_600x600-150x150.png 150w, https:\/\/damianomeble.pl\/wp-content\/uploads\/2026\/04\/IMG_20260303_2106135_copy_600x600.png 600w\" sizes=\"auto, (max-width: 300px) 100vw, 300px\" \/><\/a><\/h4>\n<h4>&#8212;&#8212;&#8212;&#8212;&#8212;&#8212;&#8212;-<\/h4>\n<h4 style=\"text-align: left; padding-left: 40px;\">Obraz &#8222;Echo Natury&#8221; 75 x 55 cm.<\/h4>\n<p>\u201eEcho Natury\u201d \u2013 ekspresyjny portret s\u0142onia wykonany farbami akrylowymi na p\u0142\u00f3tnie o wymiarach 75 \u00d7 55 cm. Dynamiczna kompozycja i intensywna paleta barw nadaj\u0105 pracy nowoczesny, dekoracyjny charakter, przyci\u0105gaj\u0105cy uwag\u0119 i buduj\u0105cy mocny akcent we wn\u0119trzu.<\/p>\n<p>Obraz namalowany na p\u0142\u00f3tnie naci\u0105gni\u0119tym na blejtram, gotowy do zawieszenia. Na odwrocie znajduje si\u0119 tytu\u0142 oraz podpis autora. Obraz sprzedaje bez ramy. Mo\u017cliwo\u015b\u0107 zam\u00f3wienia podobnej ramy lub innej.<\/p>\n<ul>\n<li>Cena 450 z\u0142<\/li>\n<\/ul>\n<p><a href=\"https:\/\/damianomeble.pl\/wp-content\/uploads\/2026\/04\/be2ca140-35d8-11f1-944b-b383b43b22bc1_copy_470x630.png\"><img loading=\"lazy\" decoding=\"async\" class=\"alignnone size-medium wp-image-11216\" src=\"https:\/\/damianomeble.pl\/wp-content\/uploads\/2026\/04\/be2ca140-35d8-11f1-944b-b383b43b22bc1_copy_470x630-224x300.png\" alt=\"\" width=\"224\" height=\"300\" srcset=\"https:\/\/damianomeble.pl\/wp-content\/uploads\/2026\/04\/be2ca140-35d8-11f1-944b-b383b43b22bc1_copy_470x630-224x300.png 224w, https:\/\/damianomeble.pl\/wp-content\/uploads\/2026\/04\/be2ca140-35d8-11f1-944b-b383b43b22bc1_copy_470x630-112x150.png 112w, https:\/\/damianomeble.pl\/wp-content\/uploads\/2026\/04\/be2ca140-35d8-11f1-944b-b383b43b22bc1_copy_470x630.png 470w\" sizes=\"auto, (max-width: 224px) 100vw, 224px\" \/><\/a><a href=\"https:\/\/damianomeble.pl\/wp-content\/uploads\/2026\/04\/IMG_20260412_142843_copy_451x620.png\"><img loading=\"lazy\" decoding=\"async\" class=\"alignnone size-medium wp-image-11215\" src=\"https:\/\/damianomeble.pl\/wp-content\/uploads\/2026\/04\/IMG_20260412_142843_copy_451x620-218x300.png\" alt=\"\" width=\"218\" height=\"300\" srcset=\"https:\/\/damianomeble.pl\/wp-content\/uploads\/2026\/04\/IMG_20260412_142843_copy_451x620-218x300.png 218w, https:\/\/damianomeble.pl\/wp-content\/uploads\/2026\/04\/IMG_20260412_142843_copy_451x620-109x150.png 109w, https:\/\/damianomeble.pl\/wp-content\/uploads\/2026\/04\/IMG_20260412_142843_copy_451x620.png 451w\" sizes=\"auto, (max-width: 218px) 100vw, 218px\" \/><\/a> <a href=\"https:\/\/damianomeble.pl\/wp-content\/uploads\/2026\/04\/IMG_20260412_1428431_copy_444x609.png\"><img loading=\"lazy\" decoding=\"async\" class=\"alignnone size-medium wp-image-11214\" src=\"https:\/\/damianomeble.pl\/wp-content\/uploads\/2026\/04\/IMG_20260412_1428431_copy_444x609-219x300.png\" alt=\"\" width=\"219\" height=\"300\" srcset=\"https:\/\/damianomeble.pl\/wp-content\/uploads\/2026\/04\/IMG_20260412_1428431_copy_444x609-219x300.png 219w, https:\/\/damianomeble.pl\/wp-content\/uploads\/2026\/04\/IMG_20260412_1428431_copy_444x609-109x150.png 109w, https:\/\/damianomeble.pl\/wp-content\/uploads\/2026\/04\/IMG_20260412_1428431_copy_444x609.png 444w\" sizes=\"auto, (max-width: 219px) 100vw, 219px\" \/>\u00a0<\/a><a href=\"https:\/\/damianomeble.pl\/wp-content\/uploads\/2026\/04\/IMG_20260412_142843-scaled.jpg\"><img loading=\"lazy\" decoding=\"async\" class=\"alignnone size-medium wp-image-11208\" src=\"https:\/\/damianomeble.pl\/wp-content\/uploads\/2026\/04\/IMG_20260412_142843-218x300.jpg\" alt=\"\" width=\"218\" height=\"300\" srcset=\"https:\/\/damianomeble.pl\/wp-content\/uploads\/2026\/04\/IMG_20260412_142843-218x300.jpg 218w, https:\/\/damianomeble.pl\/wp-content\/uploads\/2026\/04\/IMG_20260412_142843-745x1024.jpg 745w, https:\/\/damianomeble.pl\/wp-content\/uploads\/2026\/04\/IMG_20260412_142843-109x150.jpg 109w, https:\/\/damianomeble.pl\/wp-content\/uploads\/2026\/04\/IMG_20260412_142843-768x1055.jpg 768w, https:\/\/damianomeble.pl\/wp-content\/uploads\/2026\/04\/IMG_20260412_142843-1118x1536.jpg 1118w, https:\/\/damianomeble.pl\/wp-content\/uploads\/2026\/04\/IMG_20260412_142843-1491x2048.jpg 1491w, https:\/\/damianomeble.pl\/wp-content\/uploads\/2026\/04\/IMG_20260412_142843-1030x1415.jpg 1030w, https:\/\/damianomeble.pl\/wp-content\/uploads\/2026\/04\/IMG_20260412_142843-scaled.jpg 1864w\" sizes=\"auto, (max-width: 218px) 100vw, 218px\" \/> <\/a><!--more--><\/p>\n","protected":false},"excerpt":{"rendered":"<p>Obraz akrylowy &#8222;S\u0142oneczna Struktura&#8221; 50 x 40 cm Gotowy do zawieszenia: Oprawiony w klasyczn\u0105, minimalistyczn\u0105 czarn\u0105 ram\u0119, kt\u00f3ra idealnie kontrastuje ze z\u0142otem i be\u017cem. Obraz mo\u017cna powiesi\u0107 bez ramy, boki malowane pod kolor. Obraz zabezpieczony werniksem, na odwrocie tytu\u0142u obrazu i podpis autora.Cena 350 z\u0142 &#8212;&#8212;&#8212;&#8212;&#8212; &#8222;Ogie\u0144 Piekielny&#8221; akryl na p\u0142\u00f3tnie 50&#215;40 cm. Oryginalny obraz &hellip; <\/p>\n<p><a class=\"more-link btn\" href=\"https:\/\/damianomeble.pl\/index.php\/obrazy\/\">Czytaj dalej<\/a><\/p>\n","protected":false},"author":1,"featured_media":0,"parent":0,"menu_order":2,"comment_status":"closed","ping_status":"closed","template":"","meta":{"footnotes":""},"class_list":["post-11206","page","type-page","status-publish","hentry","nodate","item-wrap"],"yoast_head":"<!-- This site is optimized with the Yoast SEO plugin v25.1 - https:\/\/yoast.com\/wordpress\/plugins\/seo\/ -->\n<title>Obrazy - DAMIANO Meble - meble z \u017cywic\u0105<\/title>\n<meta name=\"robots\" content=\"index, follow, max-snippet:-1, max-image-preview:large, max-video-preview:-1\" \/>\n<link rel=\"canonical\" href=\"https:\/\/damianomeble.pl\/index.php\/obrazy\/\" \/>\n<meta property=\"og:locale\" content=\"pl_PL\" \/>\n<meta property=\"og:type\" content=\"article\" \/>\n<meta property=\"og:title\" content=\"Obrazy - DAMIANO Meble - meble z \u017cywic\u0105\" \/>\n<meta property=\"og:description\" content=\"Obraz akrylowy &#8222;S\u0142oneczna Struktura&#8221; 50 x 40 cm Gotowy do zawieszenia: Oprawiony w klasyczn\u0105, minimalistyczn\u0105 czarn\u0105 ram\u0119, kt\u00f3ra idealnie kontrastuje ze z\u0142otem i be\u017cem. Obraz mo\u017cna powiesi\u0107 bez ramy, boki malowane pod kolor. Obraz zabezpieczony werniksem, na odwrocie tytu\u0142u obrazu i podpis autora.Cena 350 z\u0142 &#8212;&#8212;&#8212;&#8212;&#8212; &#8222;Ogie\u0144 Piekielny&#8221; akryl na p\u0142\u00f3tnie 50&#215;40 cm. Oryginalny obraz &hellip; Czytaj dalej\" \/>\n<meta property=\"og:url\" content=\"https:\/\/damianomeble.pl\/index.php\/obrazy\/\" \/>\n<meta property=\"og:site_name\" content=\"DAMIANO Meble - meble z \u017cywic\u0105\" \/>\n<meta property=\"article:modified_time\" content=\"2026-04-24T19:00:19+00:00\" \/>\n<meta property=\"og:image\" content=\"https:\/\/damianomeble.pl\/wp-content\/uploads\/2026\/04\/IMG_20260116_14391611_copy_497x497.png\" \/>\n\t<meta property=\"og:image:width\" content=\"497\" \/>\n\t<meta property=\"og:image:height\" content=\"497\" \/>\n\t<meta property=\"og:image:type\" content=\"image\/png\" \/>\n<meta name=\"twitter:card\" content=\"summary_large_image\" \/>\n<meta name=\"twitter:label1\" content=\"Szacowany czas czytania\" \/>\n\t<meta name=\"twitter:data1\" content=\"3 minuty\" \/>\n<script type=\"application\/ld+json\" class=\"yoast-schema-graph\">{\"@context\":\"https:\/\/schema.org\",\"@graph\":[{\"@type\":\"WebPage\",\"@id\":\"https:\/\/damianomeble.pl\/index.php\/obrazy\/\",\"url\":\"https:\/\/damianomeble.pl\/index.php\/obrazy\/\",\"name\":\"Obrazy - DAMIANO Meble - meble z \u017cywic\u0105\",\"isPartOf\":{\"@id\":\"https:\/\/damianomeble.pl\/#website\"},\"primaryImageOfPage\":{\"@id\":\"https:\/\/damianomeble.pl\/index.php\/obrazy\/#primaryimage\"},\"image\":{\"@id\":\"https:\/\/damianomeble.pl\/index.php\/obrazy\/#primaryimage\"},\"thumbnailUrl\":\"https:\/\/damianomeble.pl\/wp-content\/uploads\/2026\/04\/IMG_20260116_14391611_copy_497x497-300x300.png\",\"datePublished\":\"2026-04-24T14:56:54+00:00\",\"dateModified\":\"2026-04-24T19:00:19+00:00\",\"breadcrumb\":{\"@id\":\"https:\/\/damianomeble.pl\/index.php\/obrazy\/#breadcrumb\"},\"inLanguage\":\"pl-PL\",\"potentialAction\":[{\"@type\":\"ReadAction\",\"target\":[\"https:\/\/damianomeble.pl\/index.php\/obrazy\/\"]}]},{\"@type\":\"ImageObject\",\"inLanguage\":\"pl-PL\",\"@id\":\"https:\/\/damianomeble.pl\/index.php\/obrazy\/#primaryimage\",\"url\":\"https:\/\/damianomeble.pl\/wp-content\/uploads\/2026\/04\/IMG_20260116_14391611_copy_497x497.png\",\"contentUrl\":\"https:\/\/damianomeble.pl\/wp-content\/uploads\/2026\/04\/IMG_20260116_14391611_copy_497x497.png\",\"width\":497,\"height\":497},{\"@type\":\"BreadcrumbList\",\"@id\":\"https:\/\/damianomeble.pl\/index.php\/obrazy\/#breadcrumb\",\"itemListElement\":[{\"@type\":\"ListItem\",\"position\":1,\"name\":\"Strona g\u0142\u00f3wna\",\"item\":\"https:\/\/damianomeble.pl\/\"},{\"@type\":\"ListItem\",\"position\":2,\"name\":\"Obrazy\"}]},{\"@type\":\"WebSite\",\"@id\":\"https:\/\/damianomeble.pl\/#website\",\"url\":\"https:\/\/damianomeble.pl\/\",\"name\":\"DAMIANO Meble - stoliki z \u017cywic\u0105, sto\u0142y z \u017cywic\u0105\",\"description\":\"Sto\u0142y z \u017cywic\u0105, stoliki kawowe z \u017cywic\u0105, \u0142awy\",\"potentialAction\":[{\"@type\":\"SearchAction\",\"target\":{\"@type\":\"EntryPoint\",\"urlTemplate\":\"https:\/\/damianomeble.pl\/?s={search_term_string}\"},\"query-input\":{\"@type\":\"PropertyValueSpecification\",\"valueRequired\":true,\"valueName\":\"search_term_string\"}}],\"inLanguage\":\"pl-PL\"}]}<\/script>\n<!-- \/ Yoast SEO plugin. -->","yoast_head_json":{"title":"Obrazy - DAMIANO Meble - meble z \u017cywic\u0105","robots":{"index":"index","follow":"follow","max-snippet":"max-snippet:-1","max-image-preview":"max-image-preview:large","max-video-preview":"max-video-preview:-1"},"canonical":"https:\/\/damianomeble.pl\/index.php\/obrazy\/","og_locale":"pl_PL","og_type":"article","og_title":"Obrazy - DAMIANO Meble - meble z \u017cywic\u0105","og_description":"Obraz akrylowy &#8222;S\u0142oneczna Struktura&#8221; 50 x 40 cm Gotowy do zawieszenia: Oprawiony w klasyczn\u0105, minimalistyczn\u0105 czarn\u0105 ram\u0119, kt\u00f3ra idealnie kontrastuje ze z\u0142otem i be\u017cem. Obraz mo\u017cna powiesi\u0107 bez ramy, boki malowane pod kolor. Obraz zabezpieczony werniksem, na odwrocie tytu\u0142u obrazu i podpis autora.Cena 350 z\u0142 &#8212;&#8212;&#8212;&#8212;&#8212; &#8222;Ogie\u0144 Piekielny&#8221; akryl na p\u0142\u00f3tnie 50&#215;40 cm. Oryginalny obraz &hellip; Czytaj dalej","og_url":"https:\/\/damianomeble.pl\/index.php\/obrazy\/","og_site_name":"DAMIANO Meble - meble z \u017cywic\u0105","article_modified_time":"2026-04-24T19:00:19+00:00","og_image":[{"width":497,"height":497,"url":"https:\/\/damianomeble.pl\/wp-content\/uploads\/2026\/04\/IMG_20260116_14391611_copy_497x497.png","type":"image\/png"}],"twitter_card":"summary_large_image","twitter_misc":{"Szacowany czas czytania":"3 minuty"},"schema":{"@context":"https:\/\/schema.org","@graph":[{"@type":"WebPage","@id":"https:\/\/damianomeble.pl\/index.php\/obrazy\/","url":"https:\/\/damianomeble.pl\/index.php\/obrazy\/","name":"Obrazy - DAMIANO Meble - meble z \u017cywic\u0105","isPartOf":{"@id":"https:\/\/damianomeble.pl\/#website"},"primaryImageOfPage":{"@id":"https:\/\/damianomeble.pl\/index.php\/obrazy\/#primaryimage"},"image":{"@id":"https:\/\/damianomeble.pl\/index.php\/obrazy\/#primaryimage"},"thumbnailUrl":"https:\/\/damianomeble.pl\/wp-content\/uploads\/2026\/04\/IMG_20260116_14391611_copy_497x497-300x300.png","datePublished":"2026-04-24T14:56:54+00:00","dateModified":"2026-04-24T19:00:19+00:00","breadcrumb":{"@id":"https:\/\/damianomeble.pl\/index.php\/obrazy\/#breadcrumb"},"inLanguage":"pl-PL","potentialAction":[{"@type":"ReadAction","target":["https:\/\/damianomeble.pl\/index.php\/obrazy\/"]}]},{"@type":"ImageObject","inLanguage":"pl-PL","@id":"https:\/\/damianomeble.pl\/index.php\/obrazy\/#primaryimage","url":"https:\/\/damianomeble.pl\/wp-content\/uploads\/2026\/04\/IMG_20260116_14391611_copy_497x497.png","contentUrl":"https:\/\/damianomeble.pl\/wp-content\/uploads\/2026\/04\/IMG_20260116_14391611_copy_497x497.png","width":497,"height":497},{"@type":"BreadcrumbList","@id":"https:\/\/damianomeble.pl\/index.php\/obrazy\/#breadcrumb","itemListElement":[{"@type":"ListItem","position":1,"name":"Strona g\u0142\u00f3wna","item":"https:\/\/damianomeble.pl\/"},{"@type":"ListItem","position":2,"name":"Obrazy"}]},{"@type":"WebSite","@id":"https:\/\/damianomeble.pl\/#website","url":"https:\/\/damianomeble.pl\/","name":"DAMIANO Meble - stoliki z \u017cywic\u0105, sto\u0142y z \u017cywic\u0105","description":"Sto\u0142y z \u017cywic\u0105, stoliki kawowe z \u017cywic\u0105, \u0142awy","potentialAction":[{"@type":"SearchAction","target":{"@type":"EntryPoint","urlTemplate":"https:\/\/damianomeble.pl\/?s={search_term_string}"},"query-input":{"@type":"PropertyValueSpecification","valueRequired":true,"valueName":"search_term_string"}}],"inLanguage":"pl-PL"}]}},"_links":{"self":[{"href":"https:\/\/damianomeble.pl\/index.php\/wp-json\/wp\/v2\/pages\/11206","targetHints":{"allow":["GET"]}}],"collection":[{"href":"https:\/\/damianomeble.pl\/index.php\/wp-json\/wp\/v2\/pages"}],"about":[{"href":"https:\/\/damianomeble.pl\/index.php\/wp-json\/wp\/v2\/types\/page"}],"author":[{"embeddable":true,"href":"https:\/\/damianomeble.pl\/index.php\/wp-json\/wp\/v2\/users\/1"}],"replies":[{"embeddable":true,"href":"https:\/\/damianomeble.pl\/index.php\/wp-json\/wp\/v2\/comments?post=11206"}],"version-history":[{"count":13,"href":"https:\/\/damianomeble.pl\/index.php\/wp-json\/wp\/v2\/pages\/11206\/revisions"}],"predecessor-version":[{"id":11241,"href":"https:\/\/damianomeble.pl\/index.php\/wp-json\/wp\/v2\/pages\/11206\/revisions\/11241"}],"wp:attachment":[{"href":"https:\/\/damianomeble.pl\/index.php\/wp-json\/wp\/v2\/media?parent=11206"}],"curies":[{"name":"wp","href":"https:\/\/api.w.org\/{rel}","templated":true}]}}